{"id":2638,"date":"2024-09-26T22:08:18","date_gmt":"2024-09-26T22:08:18","guid":{"rendered":"https:\/\/www.egana60.cl\/?page_id=2638"},"modified":"2024-09-26T22:08:18","modified_gmt":"2024-09-26T22:08:18","slug":"cantata-memorial","status":"publish","type":"page","link":"https:\/\/www.egana60.cl\/index.php\/cantata-memorial\/","title":{"rendered":"Cantata memorial"},"content":{"rendered":"<p align=\"center\"><span style=\"font-family: Arial Black;\"><span style=\"font-size: xx-large;\">Cantata Memorial<\/span><\/span><\/p>\n<p align=\"center\"><span style=\"font-size: xx-large;\">En este pa\u00eds peque\u00f1o<\/span><\/p>\n<p align=\"center\"><span style=\"font-size: xx-large;\">Con una forma de espada<\/span><\/p>\n<p align=\"center\"><span style=\"font-size: xx-large;\">La historia dej\u00f3 sus huellas<\/span><\/p>\n<p align=\"center\"><span style=\"font-size: xx-large;\">Que no ser\u00e1n olvidadas.<\/span><\/p>\n<p align=\"center\"><span style=\"font-size: xx-large;\">Como un racimo de uvas<\/span><\/p>\n<p align=\"center\"><span style=\"font-size: xx-large;\">Es Am\u00e9rica del Sur,<\/span><\/p>\n<p align=\"center\"><span style=\"font-size: xx-large;\">Chile estrella solitaria<\/span><\/p>\n<p align=\"center\"><span style=\"font-size: xx-large;\">De blanco, rojo y azul.<\/span><\/p>\n<p align=\"center\"><span style=\"font-size: xx-large;\">Con una historia com\u00fan<\/span><\/p>\n<p align=\"center\"><span style=\"font-size: xx-large;\">Conquistados y oprimidos<\/span><\/p>\n<p align=\"center\"><span style=\"font-size: xx-large;\">Con injusticias de siglos<\/span><\/p>\n<p align=\"center\"><span style=\"font-size: xx-large;\">Muertos, presos, perseguidos.<\/span><\/p>\n<p align=\"center\"><span style=\"font-size: xx-large;\">En Chile el a\u00f1o sesenta<\/span><\/p>\n<p align=\"center\"><span style=\"font-size: xx-large;\">Comienza un despertar,<\/span><\/p>\n<p align=\"center\"><span style=\"font-size: xx-large;\">En el campo y la ciudad<\/span><\/p>\n<p align=\"center\"><span style=\"font-size: xx-large;\">Se vienen a organizar.<\/span><\/p>\n<p align=\"center\"><span style=\"font-size: xx-large;\">Viene la reforma agraria<\/span><\/p>\n<p align=\"center\"><span style=\"font-size: xx-large;\">Mucha solidaridad,<\/span><\/p>\n<p align=\"center\"><span style=\"font-size: xx-large;\">Tener parcelas peque\u00f1as<\/span><\/p>\n<p align=\"center\"><span style=\"font-size: xx-large;\">Vivir en comunidad.<\/span><\/p>\n<p align=\"center\"><span style=\"font-size: xx-large;\">El setenta asume Allende<\/span><\/p>\n<p align=\"center\"><span style=\"font-size: xx-large;\">So\u00f1ando un mundo distinto,<\/span><\/p>\n<p align=\"center\"><span style=\"font-size: xx-large;\">La revoluci\u00f3n chilena<\/span><\/p>\n<p align=\"center\"><span style=\"font-size: xx-large;\">Con empan\u00e1 y vino tinto.<\/span><\/p>\n<p align=\"center\">\n<hr \/>\n<p align=\"center\">\n<p align=\"center\"><span style=\"font-size: xx-large;\">Fueron a\u00f1os muy hermosos<\/span><\/p>\n<p align=\"center\"><span style=\"font-size: xx-large;\">Y de una fuerza vital<\/span><\/p>\n<p align=\"center\"><span style=\"font-size: xx-large;\">En el pecho un ideal<\/span><\/p>\n<p align=\"center\"><span style=\"font-size: xx-large;\">Y un futuro esplendoroso<\/span><\/p>\n<p align=\"center\"><span style=\"font-size: xx-large;\">Al son de un himno gozoso<\/span><\/p>\n<p align=\"center\"><span style=\"font-size: xx-large;\">Que en nuestros labios vibraba<\/span><\/p>\n<p align=\"center\"><span style=\"font-size: xx-large;\">Una llama me alumbraba<\/span><\/p>\n<p align=\"center\"><span style=\"font-size: xx-large;\">Era luz de libertad<\/span><\/p>\n<p align=\"center\"><span style=\"font-size: xx-large;\">Y en mi pecho la igualdad<\/span><\/p>\n<p align=\"center\"><span style=\"font-size: xx-large;\">Mi coraz\u00f3n anhelaba.<\/span><\/p>\n<p align=\"center\"><span style=\"font-size: xx-large;\">Ay mi vida de estudiante<\/span><\/p>\n<p align=\"center\"><span style=\"font-size: xx-large;\">Vestido de azul y plomo<\/span><\/p>\n<p align=\"center\"><span style=\"font-size: xx-large;\">Con palmadas en el lomo<\/span><\/p>\n<p align=\"center\"><span style=\"font-size: xx-large;\">Y el pecho siempre vibrante<\/span><\/p>\n<p align=\"center\"><span style=\"font-size: xx-large;\">Para mi es emocionante<\/span><\/p>\n<p align=\"center\"><span style=\"font-size: xx-large;\">El recuerdo de esos d\u00edas<\/span><\/p>\n<p align=\"center\"><span style=\"font-size: xx-large;\">Que cari\u00f1o y alegr\u00eda<\/span><\/p>\n<p align=\"center\"><span style=\"font-size: xx-large;\">Hab\u00eda en todos nosotros<\/span><\/p>\n<p align=\"center\"><span style=\"font-size: xx-large;\">Que de amor unos a otros<\/span><\/p>\n<p align=\"center\"><span style=\"font-size: xx-large;\">Sin rencores ni fals\u00eda.<\/span><\/p>\n<p align=\"center\"><span style=\"font-size: xx-large;\">Nuestro proceso avanzaba<\/span><\/p>\n<p align=\"center\"><span style=\"font-size: xx-large;\">Con alegr\u00eda del pobre<\/span><\/p>\n<p align=\"center\"><span style=\"font-size: xx-large;\">Nacionalizando el cobre<\/span><\/p>\n<p align=\"center\"><span style=\"font-size: xx-large;\">Todo chile festejaba<\/span><\/p>\n<p align=\"center\"><span style=\"font-size: xx-large;\">Cualquier chilenito andaba<\/span><\/p>\n<p align=\"center\"><span style=\"font-size: xx-large;\">M\u00e1s feliz que buen jinete<\/span><\/p>\n<p align=\"center\"><span style=\"font-size: xx-large;\">El pueblo se compromete<\/span><\/p>\n<p align=\"center\"><span style=\"font-size: xx-large;\">Alegr\u00eda extraordinaria<\/span><\/p>\n<p align=\"center\"><span style=\"font-size: xx-large;\">Hab\u00eda reforma agraria<\/span><\/p>\n<p align=\"center\"><span style=\"font-size: xx-large;\">Y en el bolsillo billete.<\/span><\/p>\n<p align=\"center\">\n<hr \/>\n<p align=\"center\">\n<p align=\"center\"><span style=\"font-size: xx-large;\">La derecha se alborota<br \/>\nY comienza a conspirar,<br \/>\nNo pod\u00edan aceptar<br \/>\nEn las urnas la derrota.<br \/>\nQue ganaran los de ojotas<br \/>\nPregonando su ideal,<br \/>\nEra desastre total<br \/>\nQue llegaran al gobierno,<br \/>\nPara impedir ese infierno<br \/>\nMataron a un general.<\/span><\/p>\n<p align=\"center\"><span style=\"font-size: xx-large;\">No fue un militar cualquiera,<br \/>\nRen\u00e9 Schneider fue ejemplar,<br \/>\nQuiso siempre respetar<br \/>\nEl gobierno que viniera.<br \/>\nLo que el pueblo decidiera<br \/>\nEn la votaci\u00f3n secreta,<br \/>\nDe la A hasta la Z<br \/>\nQue se cumplan las medidas,<br \/>\nLe cost\u00f3 su propia vida<br \/>\nEl defender esa meta.<\/span><\/p>\n<p align=\"center\"><span style=\"font-size: xx-large;\">El uso de la palabra<br \/>\nSiempre lleva un compromiso,<br \/>\nFirme en la tierra que piso<br \/>\nPa&#8217; que mi mente se abra.<br \/>\nJunto a mi pueblo que labra<br \/>\nSu destino con valor,<br \/>\nVoy con el trabajador<br \/>\nBuscando nuevas conquistas,<br \/>\nSoy la joven idealista<br \/>\nQue quiere un Chile mejor.<\/span><\/p>\n<p align=\"center\">\n<hr \/>\n<p align=\"center\">\n<p align=\"center\"><span style=\"font-size: xx-large;\">Desorden hab\u00eda es cierto<br \/>\nLos errores no faltaban,<br \/>\nMuchos grandes se pensaban<br \/>\nY no fueron tan despiertos.<br \/>\nCon los ojos bien abiertos<br \/>\nReflexiono con tristeza,<br \/>\nNo fue falta de entereza<br \/>\nSino de organizaci\u00f3n,<br \/>\nPoniendo en la discusi\u00f3n<br \/>\nLas cartas sobre la mesa.<\/span><\/p>\n<p align=\"center\"><span style=\"font-size: xx-large;\">Pero tampoco me olvido<br \/>\nLo que el rico persegu\u00eda,<br \/>\nLa sedici\u00f3n de la CIA<br \/>\nAl comienzo del partido.<br \/>\nMuchos chilenos vendidos<br \/>\nPor el cochino dinero,<br \/>\nVende patrias traicioneros<br \/>\nAyudando a conspirar,<br \/>\nPara volver a explotar<br \/>\nAl humilde y al obrero.<\/span><\/p>\n<p align=\"center\"><span style=\"font-size: xx-large;\">Allende luchaba duro<br \/>\nPor imponer armon\u00eda,<br \/>\nGuerra en Chile no quer\u00eda<br \/>\nPero encontraba mil muros.<br \/>\nEl porvenir se vio oscuro<br \/>\nCuando toda la oposici\u00f3n<br \/>\nConsigui\u00f3 total uni\u00f3n,<br \/>\nParalizando al pa\u00eds.<br \/>\nQu\u00e9 acuerdo m\u00e1s infeliz<br \/>\nQu\u00e9 tristeza en la naci\u00f3n.<\/span><\/p>\n<p align=\"center\">\n<hr \/>\n<p align=\"center\">\n<p align=\"center\"><span style=\"font-size: xx-large;\">Con tanta dificultad<br \/>\nGobernar costaba mucho,<br \/>\nTodos dec\u00edan \u201cyo lucho\u201d<br \/>\nPregonando la verdad.<br \/>\nLa divisi\u00f3n sin piedad<br \/>\nDe este pa\u00eds se adue\u00f1\u00f3,<br \/>\nTerrible lo que pas\u00f3<br \/>\nSe desataron pasiones,<br \/>\nNadie cedi\u00f3 posiciones<br \/>\nY el gran desastre ocurri\u00f3.<\/span><\/p>\n<p align=\"center\"><span style=\"font-size: xx-large;\">Lleg\u00f3 ese d\u00eda terrible<br \/>\nCon el golpe militar,<br \/>\nTanto dolor que llorar<br \/>\nPor la violencia incre\u00edble.<br \/>\nAngustia indescriptible<br \/>\nCuando lo voy recordando,<br \/>\nTodo se fue destrozando<br \/>\nEs tan grande el retroceso,<br \/>\nCon miles de hermanos presos<br \/>\nPor decreto de los mandos.<\/span><\/p>\n<p align=\"center\"><span style=\"font-size: xx-large;\">El estudiante idealista<br \/>\nCon el obrero sencillo,<br \/>\nLo buscaron como pillos<br \/>\nCon letra negra en las listas.<br \/>\nTodo el que era marxista<br \/>\nNo merec\u00eda vivir,<br \/>\nMucho menos los del MIR<br \/>\nBombardean La Moneda,<br \/>\nImplantan toque de queda<br \/>\nMiles dejan de existir.<\/span><\/p>\n<p align=\"center\">\n<hr \/>\n<p align=\"center\">\n<p align=\"center\"><span style=\"font-size: xx-large;\">Muere Allende en La Moneda<br \/>\nTranquilo y limpia su frente,<br \/>\nComo mueren los valientes<br \/>\nM\u00e1s su palabra nos queda.<br \/>\nY como gira la rueda<br \/>\nSe har\u00e1 justicia alg\u00fan d\u00eda,<br \/>\nCuando entonces la alegr\u00eda<br \/>\nSalga de todas las casas,<br \/>\nDar\u00e1 su nombre a las plazas<br \/>\nDe esta patria suya y m\u00eda.<\/span><\/p>\n<p align=\"center\"><span style=\"font-size: xx-large;\">En sus \u00faltimas palabras<br \/>\nSe despidi\u00f3 muy sereno,<br \/>\nDel trabajador chileno,<br \/>\nDel campesino que labra.<br \/>\nEn esa hora macabra<br \/>\nEn medio de su dolor,<br \/>\nDio su mensaje de amor,<br \/>\nEsa esperanza nos queda:<br \/>\nCruzar libre la Alameda<br \/>\nCon dignidad y valor.<\/span><\/p>\n<p align=\"center\"><span style=\"font-size: xx-large;\">La patria la recorriste<br \/>\nDe Arica hasta Punta Arenas,<br \/>\nY esta tierra chilena<br \/>\nLlor\u00f3 cuando t\u00fa partiste.<br \/>\nPero tranquilo dijiste<br \/>\n\u201cOtros hombres lograr\u00e1n<br \/>\nEsta etapa superar,<br \/>\nSe abrir\u00e1n las alamedas\u201d.<br \/>\nPalabras tan verdaderas<br \/>\nLa historia no ha de olvidar.<\/span><\/p>\n<p align=\"center\">\n<hr \/>\n<p align=\"center\">\n<p align=\"center\"><span style=\"font-size: xx-large;\">Un chileno consecuente<br \/>\nFrente en alto dio la cara.<br \/>\nMe refiero a V\u00edctor Jara<br \/>\nQue siempre estar\u00e1 vigente.<br \/>\nSu canto por ser valiente<br \/>\nLa nueva canci\u00f3n ser\u00e1.<br \/>\nPor cantar a la verdad<br \/>\nLe dieron una vil muerte.<br \/>\nY esa sangre que se vierte<br \/>\nNunca m\u00e1s se olvidar\u00e1.<\/span><\/p>\n<p align=\"center\"><span style=\"font-size: xx-large;\">Muchos debieron partir<br \/>\nA un exilio doloroso,<br \/>\nA\u00f1os lentos y penosos<br \/>\nOtras culturas vivir.<br \/>\nOtros climas que sentir<br \/>\nSin hallar ni una ra\u00edz.<br \/>\nA\u00f1orando su pa\u00eds<br \/>\nEntre mar y cordillera,<br \/>\nSo\u00f1ando con primaveras<br \/>\nEn un pasado feliz.<\/span><\/p>\n<p align=\"center\">\n<hr \/>\n<p align=\"center\">\n<p align=\"center\"><span style=\"font-size: xx-large;\">En Par\u00eds H\u00e9ctor Pav\u00e9z<br \/>\nDio a otro lenguaje.<br \/>\nExtra\u00f1aba su paisaje,<br \/>\nSu Isla Grande de Chilo\u00e9.<br \/>\nCu\u00e1nto la amaba, lo s\u00e9,<br \/>\nY a toda el alma chilena.<br \/>\nSu acorde\u00f3n, su bombo y quena<br \/>\nQue en alg\u00fan lugar dej\u00f3.<br \/>\nDicen que enfermo muri\u00f3,<br \/>\nPa\u2019 m\u00ed que muri\u00f3 de pena.<\/span><\/p>\n<p align=\"center\"><span style=\"font-size: xx-large;\">En ese tiempo fatal<br \/>\nSe desata la crueldad,<br \/>\nInvadiendo todo Chile.<br \/>\nNo escapa nuestra ciudad.<br \/>\nLas radios son acalladas<br \/>\nCon bandos amenazantes,<br \/>\nDando nombres y apellidos<br \/>\nEn mensajes delirantes.<\/span><\/p>\n<p align=\"center\"><span style=\"font-size: xx-large;\">Cardemil, Soto, Espinoza,<br \/>\nJim\u00e9nez, N\u00e9stor Holzapfel,<br \/>\nAndr\u00e9s y Gabriel G\u00f3mez,<br \/>\nJuan Leonhardt, Nelson Gonz\u00e1lez,<br \/>\nPeores que delincuentes<br \/>\nFueron tratados aqu\u00ed.<br \/>\nEl lugar de la tortura,<br \/>\nCuartel de la PDI.<\/span><\/p>\n<p align=\"center\"><span style=\"font-size: xx-large;\">Se desata la demencia,<br \/>\nGolpes y frases violentas,<br \/>\nAcusaciones sin base<br \/>\nY preguntas sin respuestas.<\/span><\/p>\n<p align=\"center\">\n<hr \/>\n<p align=\"center\">\n<p align=\"center\"><span style=\"font-size: xx-large;\">Sus c\u00f3mplices, \u00bfd\u00f3nde est\u00e1n?<br \/>\nA m\u00ed no me cuentan tretas.<br \/>\n\u00bfD\u00f3nde escondieron las armas?<br \/>\nH\u00e1blenme del plan Z.<br \/>\nY as\u00ed comienza el desfile<br \/>\nDe personas inocentes<br \/>\nQue so\u00f1aron alg\u00fan d\u00eda<br \/>\nCon un mundo diferente.<\/span><\/p>\n<p align=\"center\"><span style=\"font-size: xx-large;\">Torturados uno a uno<br \/>\nComo vulgares rateros,<br \/>\nLucho Silva, Vargas Niello,<br \/>\nDroppelmann, Luis Guerrero,<br \/>\nVon Fach, Domingo Huanca,<br \/>\nElio Barr\u00eda, Luis Villegas,<br \/>\nConrado, Fernando Espa\u00f1a,<br \/>\nLespay y todos los Leiva,<br \/>\nCatepill\u00e1n, Arismendi,<br \/>\nNofal, Lucio Mascare\u00f1a,<br \/>\nLindor, Redlich, Waldemar,<br \/>\nSchuermann, Arias, Ramos, Pe\u00f1a,<br \/>\nAnderson, Ch\u00e1vez, Uribe,<br \/>\nBen\u00edtez, Levi, Torrijos,<br \/>\nVel\u00e1squez, L\u00f3pez, Galletti,<br \/>\nHenr\u00edquez, solo era un ni\u00f1o.<\/span><\/p>\n<p align=\"center\">\n<hr \/>\n<p align=\"center\">\n<p align=\"center\"><span style=\"font-size: xx-large;\">Olga, Marlis, Irma, Rosa,<br \/>\nJunto con Marta Helena.<br \/>\nMujeres de valent\u00eda<br \/>\nEn esta patria chilena.<br \/>\nModesta, Norma, Herminia,<br \/>\nRosa Arauz, Flor Araneda,<br \/>\nFlor C\u00e1rdenas, Miriam D\u00edaz,<br \/>\nBlanca Ch\u00e1vez, Mar\u00eda Elgueta.<br \/>\nNo lograron doblegarlas,<br \/>\nDignas hijas, dignas madres.<br \/>\nY aquellos que torturaron<br \/>\nAverg\u00fcenzan a sus padres.<br \/>\nSus nombres est\u00e1n grabados<br \/>\nJunto a miles muchos m\u00e1s.<br \/>\nEl alma de nuestra patria<br \/>\nNunca m\u00e1s lo olvidar\u00e1.<\/span><\/p>\n<p align=\"center\"><span style=\"font-size: xx-large;\">La tenaz persecuci\u00f3n<br \/>\nLleg\u00f3 a todos los rincones,<br \/>\nDestruyendo corazones<br \/>\nSin la menor compasi\u00f3n.<\/span><\/p>\n<p align=\"center\"><span style=\"font-size: xx-large;\">En mi ciudad, Puerto Montt,<br \/>\nEl diputado Espinoza<br \/>\nCon Abraham Oliva engrosa<br \/>\nLa lista de ejecutados.<br \/>\nEn falsa fuga acusados,<br \/>\nLes dan muertes alevosas.<\/span><\/p>\n<p align=\"center\">\n<hr \/>\n<p align=\"center\">\n<p align=\"center\"><span style=\"font-size: xx-large;\">Un p\u00fagil puertomontino<br \/>\nLlamado Carlos Mansilla,<br \/>\nBoxeando fue maravilla<br \/>\nEn los ring capitalinos.<br \/>\nSu promisorio destino<br \/>\nEs truncado sin raz\u00f3n.<br \/>\nAcusado de agresi\u00f3n,<br \/>\nTiene una terrible suerte.<br \/>\nCon cinco m\u00e1s le dan muerte,<br \/>\nEnlutando a la afici\u00f3n.<\/span><\/p>\n<p align=\"center\"><span style=\"font-size: xx-large;\">Un grupo de deportistas<br \/>\nSufre terrible injusticia.<br \/>\nEn mentirosas noticias<br \/>\nSon tratados de extremistas.<br \/>\nEran grandes futbolistas,<br \/>\nJos\u00e9 Soto, Hern\u00e1n Ma\u00f1ao,<br \/>\nCon Bahamonde y Maldonado.<br \/>\nEntre golpes y amenazas<br \/>\nSon sacados de sus casas<br \/>\nY vilmente asesinados.<\/span><\/p>\n<p align=\"center\">\n<hr \/>\n<p align=\"center\">\n<p align=\"center\"><span style=\"font-size: xx-large;\">El idealismo prend\u00eda<br \/>\nEn los j\u00f3venes del MIR,<br \/>\nY dejan de existir<br \/>\nCon sa\u00f1a y alevos\u00eda.<br \/>\nFelmer, C\u00e1rcamo, Barr\u00eda,<br \/>\nArismendi y Avenda\u00f1o.<br \/>\nLos sacan como reba\u00f1o,<br \/>\nTorturan a Mario Torres.<br \/>\nY no habr\u00e1 lluvia que borre<br \/>\nTanto dolor y cruel da\u00f1o.<\/span><\/p>\n<p align=\"center\"><span style=\"font-size: xx-large;\">Del asentamiento El Toro<br \/>\nSecuestraron a seis hombres,<br \/>\nRevolucionarios nombres<br \/>\nLlenos de amor y decoro.<br \/>\nCon un fat\u00eddico coro<br \/>\nSe oy\u00f3 la voz del ultraje.<br \/>\nY entre los hombres salvajes<br \/>\nSe le vio a Juan Metralla.<br \/>\nQue en vez de llevar medallas<br \/>\nLlevaba sangre en su traje.<\/span><\/p>\n<p align=\"center\">\n<hr \/>\n<p align=\"center\">\n<p align=\"center\"><span style=\"font-size: xx-large;\">Anduvieron entre montes<br \/>\nJunto a gente campesina,<br \/>\nCompartiendo una genuina<br \/>\nMirada hacia el horizonte.<br \/>\nQue su dignidad remonte,<br \/>\nViaje hacia la eternidad.<br \/>\nHombres de amor y humildad<br \/>\nHallaron en estos llanos<br \/>\nY hoy son para los fresianos<br \/>\nEjemplos de dignidad.<\/span><\/p>\n<p align=\"center\"><span style=\"font-size: xx-large;\">Fueron pasando los a\u00f1os<br \/>\nCon la bota en el poder,<br \/>\nCausando gran padecer,<br \/>\nSegu\u00edan haciendo da\u00f1o.<br \/>\nNoticieros del enga\u00f1o<br \/>\nHab\u00eda en televisi\u00f3n.<br \/>\nSolo ellos ten\u00edan raz\u00f3n,<br \/>\nNegando el derecho a hablar.<br \/>\nPor eso voy a nombrar<br \/>\nLos h\u00e9roes de mi naci\u00f3n.<\/span><\/p>\n<p align=\"center\"><span style=\"font-size: xx-large;\">Desde Arica a Punta Arenas<br \/>\nComenzaron las protestas,<br \/>\nQue fueron heroicas gestas<br \/>\nPara romper las cadenas.<br \/>\nSe pararon las faenas,<br \/>\nA la calle nos volcamos<br \/>\nA conquistar lo que amamos,<br \/>\nGritando firme presente.<br \/>\nY una represi\u00f3n creciente<br \/>\nCon coraje soportamos.<\/span><\/p>\n<p align=\"center\">\n<hr \/>\n<p align=\"center\">\n<p align=\"center\"><span style=\"font-size: xx-large;\">Se vino Rodrigo Rojas<br \/>\nPorque supo la congoja<br \/>\nDe su pueblo tan querido.<br \/>\nSab\u00eda que estaba herido<br \/>\nY por eso se volvi\u00f3.<br \/>\nPor la justicia luch\u00f3,<br \/>\nProtestando lo apresaron,<br \/>\nCon bencina lo quemaron<br \/>\nY heroicamente muri\u00f3.<\/span><\/p>\n<p align=\"center\"><span style=\"font-size: xx-large;\">La Carmen Gloria Quintana<br \/>\nComo una antorcha ard\u00eda,<br \/>\nSu cuerpo se consum\u00eda<br \/>\nEn manos de mente insana.<br \/>\nC\u00f3mo la maldad humana<br \/>\nPuede llegar hasta tanto<br \/>\nSembrar terror y quebranto.<br \/>\nEs no tener coraz\u00f3n,<br \/>\nNo saber de compasi\u00f3n,<br \/>\nSolo de odio y de espanto.<\/span><\/p>\n<p align=\"center\"><span style=\"font-size: xx-large;\">En poblaci\u00f3n La Victoria<br \/>\nSe luchaba con pasi\u00f3n,<br \/>\nY un cura de poblaci\u00f3n<br \/>\nMerece toda la gloria.<br \/>\nSu nombre pas\u00f3 a la historia,<br \/>\nAndr\u00e9 Jarlan se llam\u00f3.<br \/>\nY la sangre que entreg\u00f3<br \/>\nEs de un Cristo que volv\u00eda,<br \/>\nMientras la Biblia le\u00eda<br \/>\nUn balazo lo mat\u00f3.<\/span><\/p>\n<p align=\"center\">\n<hr \/>\n<p align=\"center\">\n<p align=\"center\"><span style=\"font-size: xx-large;\">Por su ideal tres hermanos<br \/>\nDe a uno fueron cayendo,<br \/>\nY la tierra recibiendo<br \/>\nLas v\u00edctimas del tirano.<br \/>\nSus ejemplos no son vanos<br \/>\nPara renacer sin miedo,<br \/>\nComo el murmullo de un credo<br \/>\nQue crece suave y avanza.<br \/>\nUn tr\u00e9bol de la esperanza<br \/>\nSon los Vergara Toledo.<\/span><\/p>\n<p align=\"center\"><span style=\"font-size: xx-large;\">Tambi\u00e9n tres profesionales<br \/>\nEstuvieron secuestrados,<br \/>\nDespu\u00e9s fueron degollados<br \/>\nPor \u00f3rdenes criminales.<br \/>\nCerca de unos matorrales<br \/>\nDonde bordea el camino,<br \/>\nEncontraron a Nattino<br \/>\nJunto a Parada y Guerrero.<br \/>\nSus vidas tronch\u00f3 el acero<br \/>\nDe los corvos asesinos.<\/span><\/p>\n<p align=\"center\"><span style=\"font-size: xx-large;\">Estos m\u00e1rtires chilenos<br \/>\nEn el recuerdo est\u00e1n vivos,<br \/>\nLlorando yo les escribo<br \/>\nSiento que eran hombres buenos.<br \/>\nQue Dios los tenga en su seno,<br \/>\nEst\u00e1n en mi coraz\u00f3n,<br \/>\nEn mi verso y mi canci\u00f3n,<br \/>\nQue ya no quiere m\u00e1s guerra.<br \/>\nLe pido a Dios y a la tierra<br \/>\nLa cordura en mi naci\u00f3n.<\/span><\/p>\n<p align=\"center\">\n<hr \/>\n<p align=\"center\">\n<p align=\"center\"><span style=\"font-size: xx-large;\">Ahora que se conoci\u00f3<br \/>\nEl archivo de la CIA<br \/>\nCon aquella guerra fr\u00eda<br \/>\nQue nunca jam\u00e1s lleg\u00f3,<br \/>\nA los yanquis no import\u00f3<br \/>\nNuestro mundo demoler,<br \/>\nLograron con su poder<br \/>\nEnvenenar el terreno,<br \/>\nPelearnos entre chilenos<br \/>\nHoy d\u00eda es pa\u2019 no creer.<\/span><\/p>\n<p align=\"center\"><span style=\"font-size: xx-large;\">Ojal\u00e1 que nunca m\u00e1s<br \/>\nEsta historia se repita,<br \/>\nEl buen Dios no lo permita<br \/>\nY solo se viva en paz.<br \/>\nSi ponemos fuego al gas<br \/>\nQuemamos la patria entera,<br \/>\nY son palabras certeras<br \/>\nDe un poeta con ideas,<br \/>\nQue si entre hermanos pelean<br \/>\nLos devoran los de afuera.<\/span><\/p>\n<p align=\"center\"><span style=\"font-size: xx-large;\">Ac\u00e1 estoy finalizando<br \/>\nCon estos versos relatos,<br \/>\nEnternecido por ratos<br \/>\nTriste a veces recordando.<br \/>\nY voy a seguir amando<br \/>\nA mis lluvias, a mis valles,<br \/>\nNo es que mi trino se acalle,<br \/>\nAmo lo bello sin duda,<br \/>\nPero al igual que Neruda<br \/>\nVi la sangre por las calles.<\/span><\/p>\n<p align=\"center\">\n<hr \/>\n<p align=\"center\">\n<p align=\"center\"><span style=\"font-size: xx-large;\">Estas son las reflexiones<br \/>\nDe un humilde ciudadano,<br \/>\nQue ans\u00eda un pa\u00eds de hermanos<br \/>\nLibre de bajas pasiones.<br \/>\nQue en todas las elecciones<br \/>\nGane mayor\u00eda honesta,<br \/>\nQue sea una gran fiesta<br \/>\nNo solo pa\u2019 ganadores,<br \/>\nCon cola los perdedores<br \/>\nPaguen riendo su apuesta.<\/span><\/p>\n<p align=\"center\"><span style=\"font-size: xx-large;\">Ese es el Chile que quiero<br \/>\nCon tintolio y empanadas,<br \/>\nBailando de madrugada<br \/>\nCon huasos con ovejeros.<br \/>\nCon chilotes y mineros<br \/>\nHaciendo un mundo feliz,<br \/>\nAmando nuestra ra\u00edz,<br \/>\nSiendo rama de \u00e1rbol sano<br \/>\nY matar a sus hermanos<br \/>\nNunca m\u00e1s en mi pa\u00eds.<\/span><\/p>\n<p>&nbsp;<\/p>\n<p align=\"center\"><span style=\"font-size: x-large;\"><i>Comentarios:<\/i><\/span><\/p>\n<p align=\"center\"><span style=\"font-size: x-large;\"><i>Mario Cardenas<\/i><\/span><\/p>\n<p align=\"center\"><span style=\"font-size: x-large;\"><i>Email: mariocardenasbarria@gmail.com<\/i><\/span><\/p>\n<p align=\"center\"><span style=\"font-size: x-large;\"><i>Contacto: +569 45824956<\/i><\/span><\/p>\n<p align=\"center\"><span style=\"font-size: x-large;\"><i>Rene Droppelmann A\u00f1azco<\/i><\/span><\/p>\n<p align=\"center\"><span style=\"font-size: x-large;\"><i>Email: renedroppelmann@gmail.com<\/i><\/span><\/p>\n<p align=\"center\"><span style=\"font-size: x-large;\"><i>Contacto: +569 97000568<\/i><\/span><\/p>\n<p align=\"center\"><span style=\"font-size: x-large;\"><i>Ega\u00f1a 60 Sitio de Memoria<\/i><\/span><\/p>\n<p align=\"center\"><span style=\"font-size: x-large;\"><i>Puerto Montt<\/i><\/span><\/p>\n<p align=\"center\"><span style=\"font-size: x-large;\"><i>https:\/\/www.egana60.cl<\/i><\/span><\/p>\n","protected":false},"excerpt":{"rendered":"<p>Cantata Memorial En este pa\u00eds peque\u00f1o Con una forma de [&hellip;]<\/p>\n","protected":false},"author":1,"featured_media":0,"parent":0,"menu_order":0,"comment_status":"closed","ping_status":"closed","template":"100-width.php","meta":{"footnotes":""},"class_list":["post-2638","page","type-page","status-publish","hentry"],"yoast_head":"<!-- This site is optimized with the Yoast SEO plugin v25.3 - https:\/\/yoast.com\/wordpress\/plugins\/seo\/ -->\n<title>Cantata memorial - Ega\u00f1a 60<\/title>\n<meta name=\"robots\" content=\"index, follow, max-snippet:-1, max-image-preview:large, max-video-preview:-1\" \/>\n<link rel=\"canonical\" href=\"https:\/\/www.egana60.cl\/index.php\/cantata-memorial\/\" \/>\n<meta property=\"og:locale\" content=\"es_ES\" \/>\n<meta property=\"og:type\" content=\"article\" \/>\n<meta property=\"og:title\" content=\"Cantata memorial - Ega\u00f1a 60\" \/>\n<meta property=\"og:description\" content=\"Cantata Memorial En este pa\u00eds peque\u00f1o Con una forma de [&hellip;]\" \/>\n<meta property=\"og:url\" content=\"https:\/\/www.egana60.cl\/index.php\/cantata-memorial\/\" \/>\n<meta property=\"og:site_name\" content=\"Ega\u00f1a 60\" \/>\n<meta property=\"article:publisher\" content=\"https:\/\/web.facebook.com\/egana60\" \/>\n<meta name=\"twitter:card\" content=\"summary_large_image\" \/>\n<meta name=\"twitter:label1\" content=\"Tiempo de lectura\" \/>\n\t<meta name=\"twitter:data1\" content=\"10 minutos\" \/>\n<script type=\"application\/ld+json\" class=\"yoast-schema-graph\">{\"@context\":\"https:\/\/schema.org\",\"@graph\":[{\"@type\":\"WebPage\",\"@id\":\"https:\/\/www.egana60.cl\/index.php\/cantata-memorial\/\",\"url\":\"https:\/\/www.egana60.cl\/index.php\/cantata-memorial\/\",\"name\":\"Cantata memorial - Ega\u00f1a 60\",\"isPartOf\":{\"@id\":\"https:\/\/www.egana60.cl\/#website\"},\"datePublished\":\"2024-09-26T22:08:18+00:00\",\"breadcrumb\":{\"@id\":\"https:\/\/www.egana60.cl\/index.php\/cantata-memorial\/#breadcrumb\"},\"inLanguage\":\"es\",\"potentialAction\":[{\"@type\":\"ReadAction\",\"target\":[\"https:\/\/www.egana60.cl\/index.php\/cantata-memorial\/\"]}]},{\"@type\":\"BreadcrumbList\",\"@id\":\"https:\/\/www.egana60.cl\/index.php\/cantata-memorial\/#breadcrumb\",\"itemListElement\":[{\"@type\":\"ListItem\",\"position\":1,\"name\":\"Portada\",\"item\":\"https:\/\/www.egana60.cl\/\"},{\"@type\":\"ListItem\",\"position\":2,\"name\":\"Cantata memorial\"}]},{\"@type\":\"WebSite\",\"@id\":\"https:\/\/www.egana60.cl\/#website\",\"url\":\"https:\/\/www.egana60.cl\/\",\"name\":\"Ega\u00f1a 60\",\"description\":\"Sitios de Memoria\",\"publisher\":{\"@id\":\"https:\/\/www.egana60.cl\/#organization\"},\"potentialAction\":[{\"@type\":\"SearchAction\",\"target\":{\"@type\":\"EntryPoint\",\"urlTemplate\":\"https:\/\/www.egana60.cl\/?s={search_term_string}\"},\"query-input\":{\"@type\":\"PropertyValueSpecification\",\"valueRequired\":true,\"valueName\":\"search_term_string\"}}],\"inLanguage\":\"es\"},{\"@type\":\"Organization\",\"@id\":\"https:\/\/www.egana60.cl\/#organization\",\"name\":\"Coorporac\u00f3n Ega\u00f1a 60\",\"url\":\"https:\/\/www.egana60.cl\/\",\"logo\":{\"@type\":\"ImageObject\",\"inLanguage\":\"es\",\"@id\":\"https:\/\/www.egana60.cl\/#\/schema\/logo\/image\/\",\"url\":\"https:\/\/www.egana60.cl\/wp-content\/uploads\/2023\/12\/logo2-e1701438723519.png\",\"contentUrl\":\"https:\/\/www.egana60.cl\/wp-content\/uploads\/2023\/12\/logo2-e1701438723519.png\",\"width\":80,\"height\":80,\"caption\":\"Coorporac\u00f3n Ega\u00f1a 60\"},\"image\":{\"@id\":\"https:\/\/www.egana60.cl\/#\/schema\/logo\/image\/\"},\"sameAs\":[\"https:\/\/web.facebook.com\/egana60\"]}]}<\/script>\n<!-- \/ Yoast SEO plugin. -->","yoast_head_json":{"title":"Cantata memorial - Ega\u00f1a 60","robots":{"index":"index","follow":"follow","max-snippet":"max-snippet:-1","max-image-preview":"max-image-preview:large","max-video-preview":"max-video-preview:-1"},"canonical":"https:\/\/www.egana60.cl\/index.php\/cantata-memorial\/","og_locale":"es_ES","og_type":"article","og_title":"Cantata memorial - Ega\u00f1a 60","og_description":"Cantata Memorial En este pa\u00eds peque\u00f1o Con una forma de [&hellip;]","og_url":"https:\/\/www.egana60.cl\/index.php\/cantata-memorial\/","og_site_name":"Ega\u00f1a 60","article_publisher":"https:\/\/web.facebook.com\/egana60","twitter_card":"summary_large_image","twitter_misc":{"Tiempo de lectura":"10 minutos"},"schema":{"@context":"https:\/\/schema.org","@graph":[{"@type":"WebPage","@id":"https:\/\/www.egana60.cl\/index.php\/cantata-memorial\/","url":"https:\/\/www.egana60.cl\/index.php\/cantata-memorial\/","name":"Cantata memorial - Ega\u00f1a 60","isPartOf":{"@id":"https:\/\/www.egana60.cl\/#website"},"datePublished":"2024-09-26T22:08:18+00:00","breadcrumb":{"@id":"https:\/\/www.egana60.cl\/index.php\/cantata-memorial\/#breadcrumb"},"inLanguage":"es","potentialAction":[{"@type":"ReadAction","target":["https:\/\/www.egana60.cl\/index.php\/cantata-memorial\/"]}]},{"@type":"BreadcrumbList","@id":"https:\/\/www.egana60.cl\/index.php\/cantata-memorial\/#breadcrumb","itemListElement":[{"@type":"ListItem","position":1,"name":"Portada","item":"https:\/\/www.egana60.cl\/"},{"@type":"ListItem","position":2,"name":"Cantata memorial"}]},{"@type":"WebSite","@id":"https:\/\/www.egana60.cl\/#website","url":"https:\/\/www.egana60.cl\/","name":"Ega\u00f1a 60","description":"Sitios de Memoria","publisher":{"@id":"https:\/\/www.egana60.cl\/#organization"},"potentialAction":[{"@type":"SearchAction","target":{"@type":"EntryPoint","urlTemplate":"https:\/\/www.egana60.cl\/?s={search_term_string}"},"query-input":{"@type":"PropertyValueSpecification","valueRequired":true,"valueName":"search_term_string"}}],"inLanguage":"es"},{"@type":"Organization","@id":"https:\/\/www.egana60.cl\/#organization","name":"Coorporac\u00f3n Ega\u00f1a 60","url":"https:\/\/www.egana60.cl\/","logo":{"@type":"ImageObject","inLanguage":"es","@id":"https:\/\/www.egana60.cl\/#\/schema\/logo\/image\/","url":"https:\/\/www.egana60.cl\/wp-content\/uploads\/2023\/12\/logo2-e1701438723519.png","contentUrl":"https:\/\/www.egana60.cl\/wp-content\/uploads\/2023\/12\/logo2-e1701438723519.png","width":80,"height":80,"caption":"Coorporac\u00f3n Ega\u00f1a 60"},"image":{"@id":"https:\/\/www.egana60.cl\/#\/schema\/logo\/image\/"},"sameAs":["https:\/\/web.facebook.com\/egana60"]}]}},"jetpack_sharing_enabled":true,"_links":{"self":[{"href":"https:\/\/www.egana60.cl\/index.php\/wp-json\/wp\/v2\/pages\/2638","targetHints":{"allow":["GET"]}}],"collection":[{"href":"https:\/\/www.egana60.cl\/index.php\/wp-json\/wp\/v2\/pages"}],"about":[{"href":"https:\/\/www.egana60.cl\/index.php\/wp-json\/wp\/v2\/types\/page"}],"author":[{"embeddable":true,"href":"https:\/\/www.egana60.cl\/index.php\/wp-json\/wp\/v2\/users\/1"}],"replies":[{"embeddable":true,"href":"https:\/\/www.egana60.cl\/index.php\/wp-json\/wp\/v2\/comments?post=2638"}],"version-history":[{"count":1,"href":"https:\/\/www.egana60.cl\/index.php\/wp-json\/wp\/v2\/pages\/2638\/revisions"}],"predecessor-version":[{"id":2639,"href":"https:\/\/www.egana60.cl\/index.php\/wp-json\/wp\/v2\/pages\/2638\/revisions\/2639"}],"wp:attachment":[{"href":"https:\/\/www.egana60.cl\/index.php\/wp-json\/wp\/v2\/media?parent=2638"}],"curies":[{"name":"wp","href":"https:\/\/api.w.org\/{rel}","templated":true}]}}